{"id":9988,"date":"2014-05-21T08:40:46","date_gmt":"2014-05-21T07:40:46","guid":{"rendered":"https:\/\/huiles-et-olives.fr\/qui-sommes-nous-2\/"},"modified":"2017-04-06T10:40:58","modified_gmt":"2017-04-06T08:40:58","slug":"who-are-we","status":"publish","type":"page","link":"https:\/\/huiles-et-olives.fr\/en\/who-are-we\/","title":{"rendered":"Who are we ?"},"content":{"rendered":"<div class=\"wpb-content-wrapper\">[vc_row][vc_column width=&#8221;1\/1&#8243;][vc_column_text]<strong>Qui sommes-nous ?<\/strong><\/p>\n<p>&nbsp;<\/p>\n<p><span style=\"color: #99cc00\">L\u2019<b>AFIDOL<\/b>\u00a0: un atout pour la fili\u00e8re, un atout pour demain\u2026<\/span><\/p>\n<p>Cr\u00e9\u00e9e en 1999, l\u2019AFIDOL &#8211; Association Fran\u00e7aise Interprofessionnelle De l\u2019OLive &#8211; section sp\u00e9cialis\u00e9e \u00ab olive\u00a0\u00bb de l\u2019ONIDOL (Organisation Nationale Interprofessionnelle Des OL\u00e9agineux), est une association (loi 1901) reconnue par les Pouvoirs publics ; son champ de comp\u00e9tences est d\u00e9fini par la loi d\u2019orientation agricole du 10 juillet 1975\u00a0 et les textes subs\u00e9quents.<\/p>\n<p>&nbsp;<\/p>\n<p><span style=\"color: #99cc00\"><b>D<\/b>e la production \u00e0 la commercialisation : une fili\u00e8re repr\u00e9sentative et structur\u00e9e\u2026<\/span><\/p>\n<p>Structure de concertation, de rencontre et de d\u00e9cision entre les partenaires de l\u2019amont et de l\u2019aval de la fili\u00e8re, l\u2019AFIDOL rassemble et repr\u00e9sente les huit familles professionnelles, de la production \u00e0 la mise en march\u00e9. L\u2019interprofession dispose d\u2019une assembl\u00e9e de 52 membres d\u00e9sign\u00e9s par les familles professionnelles qui repr\u00e9sentent l\u2019ensemble de la fili\u00e8re ; elle est administr\u00e9e par un Conseil d\u2019administration de 26 administrateurs.<\/p>\n<p>&nbsp;<\/p>\n<p><span style=\"color: #99cc00\">L\u2019<b>AFIDOL<\/b>\u00a0au service des professionnels<\/span><\/p>\n<p><span style=\"color: #ff6600\">Des missions \u00e9conomiques et r\u00e8glementaires<\/span><\/p>\n<p>L\u2019interprofession a pour vocation de\u00a0 faire valoir et de d\u00e9fendre les int\u00e9r\u00eats de la fili\u00e8re en harmonie avec l\u2019\u00e9volution des r\u00e9glementations nationales et communautaires, \u00e0 travers une veille r\u00e9glementaire et un suivi de la politique agricole europ\u00e9enne. Elle assure par ailleurs un suivi de l\u2019\u00e9conomie des march\u00e9s au travers de diff\u00e9rentes \u00e9tudes sp\u00e9cifiques.<\/p>\n<p><span style=\"color: #ff6600\">Des missions de communication<\/span><\/p>\n<p>L\u2019interprofession met en \u0153uvre des actions destin\u00e9es \u00e0 d\u00e9velopper l\u2019image de l\u2019huile d\u2019olive aupr\u00e8s des consommateurs, tant pour ses qualit\u00e9s nutritionnelles et gustatives que pour ses typicit\u00e9s, la d\u00e9couverte de ses terroirs et la richesse de ses saveurs.<\/p>\n<p><span style=\"color: #ff6600\">Des missions techniques et agronomiques<\/span><\/p>\n<p>De nombreuses actions sont engag\u00e9es en vue de continuer l\u2019am\u00e9lioration de la culture de l\u2019olivier, la qualit\u00e9 de ses produits et de minimiser l\u2019impact environnemental. On peut noter les actions sur la physiologie de l\u2019arbre, la lutte contre les maladies et ravageurs prenant en compte la notion d\u2019agriculture durable et les actions pour la conduite des vergers (implantation, fertilisation, irrigation, taille\u2026) visant \u00e0 am\u00e9liorer la comp\u00e9titivit\u00e9 et la qualit\u00e9 de la production d\u2019olives et d\u2019huiles d\u2019olive.<\/p>\n<p>Par ailleurs, les\u00a0 deux laboratoires de l\u2019 AFIDOL : le laboratoire d\u2019analyses\u00a0 sensorielles et le laboratoire d\u2019analyses chimiques et organoleptiques cr\u00e9\u00e9 \u00e0 l\u2019espace Pierre Bonnet, \u00e0 Aix-en-Provence, apportent aux ol\u00e9iculteurs, aux mouliniers et aux confiseurs les r\u00e9ponses adapt\u00e9es dans le domaine de l\u2019am\u00e9lioration de la qualit\u00e9 de l\u2019huile d\u2019olive, du contr\u00f4le de la qualit\u00e9, et de l\u2019optimisation de la production.<\/p>\n<p>&nbsp;<\/p>\n<p><span style=\"color: #99cc00\">AFIDOL :\u00a0<b>4<\/b>\u00a0<b>sites<\/b>\u00a0au service de la fili\u00e8re<\/span><\/p>\n<p>&nbsp;<\/p>\n<p>A Aix-en-Provence, Nyons, Lattes et Paris.<\/p>\n<p>&nbsp;<\/p>\n<p>Un site Internet d\u00e9di\u00e9 aux professionnels :\u00a0\u00a0<a href=\"http:\/\/www.afidol.org\/\" target=\"_blank\">www.afidol.org<\/a><\/p>\n<p>Un site grand public : www.huilesetolives.fr<\/p>\n[\/vc_column_text][\/vc_column][\/vc_row]\n<\/div>","protected":false},"excerpt":{"rendered":"<p>[vc_row][vc_column width=&#8221;1\/1&#8243;][vc_column_text]Qui sommes-nous ? &nbsp; L\u2019AFIDOL\u00a0: un atout pour la fili\u00e8re, un atout pour demain\u2026 Cr\u00e9\u00e9e en 1999, l\u2019AFIDOL &#8211; Association Fran\u00e7aise Interprofessionnelle De l\u2019OLive &#8211; section sp\u00e9cialis\u00e9e \u00ab olive\u00a0\u00bb de l\u2019ONIDOL (Organisation Nationale Interprofessionnelle Des OL\u00e9agineux), est une association (loi 1901) reconnue par les&#8230;<\/p>\n","protected":false},"author":2,"featured_media":0,"parent":0,"menu_order":0,"comment_status":"open","ping_status":"open","template":"","meta":{"_acf_changed":false,"wprm-recipe-roundup-name":"","wprm-recipe-roundup-description":"","wpupg_custom_link":[],"wpupg_custom_link_behaviour":[],"wpupg_custom_link_nofollow":[],"wpupg_custom_image":[],"wpupg_custom_image_id":[],"_exactmetrics_skip_tracking":false,"_exactmetrics_sitenote_active":false,"_exactmetrics_sitenote_note":"","_exactmetrics_sitenote_category":0,"footnotes":""},"class_list":["post-9988","page","type-page","status-publish","hentry"],"acf":[],"yoast_head":"<!-- This site is optimized with the Yoast SEO plugin v24.8.1 - https:\/\/yoast.com\/wordpress\/plugins\/seo\/ -->\n<title>Who are we ? - Huiles et Olives<\/title>\n<meta name=\"robots\" content=\"index, follow, max-snippet:-1, max-image-preview:large, max-video-preview:-1\" \/>\n<link rel=\"canonical\" href=\"https:\/\/huiles-et-olives.fr\/en\/who-are-we\/\" \/>\n<meta property=\"og:locale\" content=\"en_US\" \/>\n<meta property=\"og:type\" content=\"article\" \/>\n<meta property=\"og:title\" content=\"Who are we ? - Huiles et Olives\" \/>\n<meta property=\"og:description\" content=\"[vc_row][vc_column width=&#8221;1\/1&#8243;][vc_column_text]Qui sommes-nous ? &nbsp; L\u2019AFIDOL\u00a0: un atout pour la fili\u00e8re, un atout pour demain\u2026 Cr\u00e9\u00e9e en 1999, l\u2019AFIDOL &#8211; Association Fran\u00e7aise Interprofessionnelle De l\u2019OLive &#8211; section sp\u00e9cialis\u00e9e \u00ab olive\u00a0\u00bb de l\u2019ONIDOL (Organisation Nationale Interprofessionnelle Des OL\u00e9agineux), est une association (loi 1901) reconnue par les...\" \/>\n<meta property=\"og:url\" content=\"https:\/\/huiles-et-olives.fr\/en\/who-are-we\/\" \/>\n<meta property=\"og:site_name\" content=\"Huiles et Olives\" \/>\n<meta property=\"article:publisher\" content=\"https:\/\/www.facebook.com\/HuilesetOlives\" \/>\n<meta property=\"article:modified_time\" content=\"2017-04-06T08:40:58+00:00\" \/>\n<meta property=\"og:image\" content=\"https:\/\/huiles-et-olives.fr\/wp-content\/uploads\/2020\/06\/6-photo-facebook-local.png\" \/>\n\t<meta property=\"og:image:width\" content=\"1200\" \/>\n\t<meta property=\"og:image:height\" content=\"630\" \/>\n\t<meta property=\"og:image:type\" content=\"image\/png\" \/>\n<meta name=\"twitter:card\" content=\"summary_large_image\" \/>\n<meta name=\"twitter:site\" content=\"@HuilesetOlives\" \/>\n<meta name=\"twitter:label1\" content=\"Est. reading time\" \/>\n\t<meta name=\"twitter:data1\" content=\"3 minutes\" \/>\n<script type=\"application\/ld+json\" class=\"yoast-schema-graph\">{\"@context\":\"https:\/\/schema.org\",\"@graph\":[{\"@type\":\"WebPage\",\"@id\":\"https:\/\/huiles-et-olives.fr\/en\/who-are-we\/\",\"url\":\"https:\/\/huiles-et-olives.fr\/en\/who-are-we\/\",\"name\":\"Who are we ? - Huiles et Olives\",\"isPartOf\":{\"@id\":\"https:\/\/huiles-et-olives.fr\/#website\"},\"datePublished\":\"2014-05-21T07:40:46+00:00\",\"dateModified\":\"2017-04-06T08:40:58+00:00\",\"breadcrumb\":{\"@id\":\"https:\/\/huiles-et-olives.fr\/en\/who-are-we\/#breadcrumb\"},\"inLanguage\":\"en-US\",\"potentialAction\":[{\"@type\":\"ReadAction\",\"target\":[\"https:\/\/huiles-et-olives.fr\/en\/who-are-we\/\"]}]},{\"@type\":\"BreadcrumbList\",\"@id\":\"https:\/\/huiles-et-olives.fr\/en\/who-are-we\/#breadcrumb\",\"itemListElement\":[{\"@type\":\"ListItem\",\"position\":1,\"name\":\"Accueil\",\"item\":\"https:\/\/huiles-et-olives.fr\/en\/\"},{\"@type\":\"ListItem\",\"position\":2,\"name\":\"Who are we ?\"}]},{\"@type\":\"WebSite\",\"@id\":\"https:\/\/huiles-et-olives.fr\/#website\",\"url\":\"https:\/\/huiles-et-olives.fr\/\",\"name\":\"Huiles et Olives\",\"description\":\"Le site des huiles d&#039;olive et olives de France\",\"publisher\":{\"@id\":\"https:\/\/huiles-et-olives.fr\/#organization\"},\"potentialAction\":[{\"@type\":\"SearchAction\",\"target\":{\"@type\":\"EntryPoint\",\"urlTemplate\":\"https:\/\/huiles-et-olives.fr\/?s={search_term_string}\"},\"query-input\":{\"@type\":\"PropertyValueSpecification\",\"valueRequired\":true,\"valueName\":\"search_term_string\"}}],\"inLanguage\":\"en-US\"},{\"@type\":\"Organization\",\"@id\":\"https:\/\/huiles-et-olives.fr\/#organization\",\"name\":\"France Olive\",\"url\":\"https:\/\/huiles-et-olives.fr\/\",\"logo\":{\"@type\":\"ImageObject\",\"inLanguage\":\"en-US\",\"@id\":\"https:\/\/huiles-et-olives.fr\/#\/schema\/logo\/image\/\",\"url\":\"https:\/\/huiles-et-olives.fr\/wp-content\/uploads\/2019\/08\/logo-france-olive-association-francaise-interprofessionnelle.jpg\",\"contentUrl\":\"https:\/\/huiles-et-olives.fr\/wp-content\/uploads\/2019\/08\/logo-france-olive-association-francaise-interprofessionnelle.jpg\",\"width\":87,\"height\":60,\"caption\":\"France Olive\"},\"image\":{\"@id\":\"https:\/\/huiles-et-olives.fr\/#\/schema\/logo\/image\/\"},\"sameAs\":[\"https:\/\/www.facebook.com\/HuilesetOlives\",\"https:\/\/x.com\/HuilesetOlives\",\"https:\/\/www.instagram.com\/huilesetolives\/\",\"https:\/\/www.pinterest.fr\/Huilesetolives\/\",\"https:\/\/www.youtube.com\/user\/HuilesetOlivesduMidi\"]}]}<\/script>\n<!-- \/ Yoast SEO plugin. -->","yoast_head_json":{"title":"Who are we ? - Huiles et Olives","robots":{"index":"index","follow":"follow","max-snippet":"max-snippet:-1","max-image-preview":"max-image-preview:large","max-video-preview":"max-video-preview:-1"},"canonical":"https:\/\/huiles-et-olives.fr\/en\/who-are-we\/","og_locale":"en_US","og_type":"article","og_title":"Who are we ? - Huiles et Olives","og_description":"[vc_row][vc_column width=&#8221;1\/1&#8243;][vc_column_text]Qui sommes-nous ? &nbsp; L\u2019AFIDOL\u00a0: un atout pour la fili\u00e8re, un atout pour demain\u2026 Cr\u00e9\u00e9e en 1999, l\u2019AFIDOL &#8211; Association Fran\u00e7aise Interprofessionnelle De l\u2019OLive &#8211; section sp\u00e9cialis\u00e9e \u00ab olive\u00a0\u00bb de l\u2019ONIDOL (Organisation Nationale Interprofessionnelle Des OL\u00e9agineux), est une association (loi 1901) reconnue par les...","og_url":"https:\/\/huiles-et-olives.fr\/en\/who-are-we\/","og_site_name":"Huiles et Olives","article_publisher":"https:\/\/www.facebook.com\/HuilesetOlives","article_modified_time":"2017-04-06T08:40:58+00:00","og_image":[{"width":1200,"height":630,"url":"https:\/\/huiles-et-olives.fr\/wp-content\/uploads\/2020\/06\/6-photo-facebook-local.png","type":"image\/png"}],"twitter_card":"summary_large_image","twitter_site":"@HuilesetOlives","twitter_misc":{"Est. reading time":"3 minutes"},"schema":{"@context":"https:\/\/schema.org","@graph":[{"@type":"WebPage","@id":"https:\/\/huiles-et-olives.fr\/en\/who-are-we\/","url":"https:\/\/huiles-et-olives.fr\/en\/who-are-we\/","name":"Who are we ? - Huiles et Olives","isPartOf":{"@id":"https:\/\/huiles-et-olives.fr\/#website"},"datePublished":"2014-05-21T07:40:46+00:00","dateModified":"2017-04-06T08:40:58+00:00","breadcrumb":{"@id":"https:\/\/huiles-et-olives.fr\/en\/who-are-we\/#breadcrumb"},"inLanguage":"en-US","potentialAction":[{"@type":"ReadAction","target":["https:\/\/huiles-et-olives.fr\/en\/who-are-we\/"]}]},{"@type":"BreadcrumbList","@id":"https:\/\/huiles-et-olives.fr\/en\/who-are-we\/#breadcrumb","itemListElement":[{"@type":"ListItem","position":1,"name":"Accueil","item":"https:\/\/huiles-et-olives.fr\/en\/"},{"@type":"ListItem","position":2,"name":"Who are we ?"}]},{"@type":"WebSite","@id":"https:\/\/huiles-et-olives.fr\/#website","url":"https:\/\/huiles-et-olives.fr\/","name":"Huiles et Olives","description":"Le site des huiles d&#039;olive et olives de France","publisher":{"@id":"https:\/\/huiles-et-olives.fr\/#organization"},"potentialAction":[{"@type":"SearchAction","target":{"@type":"EntryPoint","urlTemplate":"https:\/\/huiles-et-olives.fr\/?s={search_term_string}"},"query-input":{"@type":"PropertyValueSpecification","valueRequired":true,"valueName":"search_term_string"}}],"inLanguage":"en-US"},{"@type":"Organization","@id":"https:\/\/huiles-et-olives.fr\/#organization","name":"France Olive","url":"https:\/\/huiles-et-olives.fr\/","logo":{"@type":"ImageObject","inLanguage":"en-US","@id":"https:\/\/huiles-et-olives.fr\/#\/schema\/logo\/image\/","url":"https:\/\/huiles-et-olives.fr\/wp-content\/uploads\/2019\/08\/logo-france-olive-association-francaise-interprofessionnelle.jpg","contentUrl":"https:\/\/huiles-et-olives.fr\/wp-content\/uploads\/2019\/08\/logo-france-olive-association-francaise-interprofessionnelle.jpg","width":87,"height":60,"caption":"France Olive"},"image":{"@id":"https:\/\/huiles-et-olives.fr\/#\/schema\/logo\/image\/"},"sameAs":["https:\/\/www.facebook.com\/HuilesetOlives","https:\/\/x.com\/HuilesetOlives","https:\/\/www.instagram.com\/huilesetolives\/","https:\/\/www.pinterest.fr\/Huilesetolives\/","https:\/\/www.youtube.com\/user\/HuilesetOlivesduMidi"]}]}},"_links":{"self":[{"href":"https:\/\/huiles-et-olives.fr\/en\/wp-json\/wp\/v2\/pages\/9988\/"}],"collection":[{"href":"https:\/\/huiles-et-olives.fr\/en\/wp-json\/wp\/v2\/pages\/"}],"about":[{"href":"https:\/\/huiles-et-olives.fr\/en\/wp-json\/wp\/v2\/types\/page\/"}],"author":[{"embeddable":true,"href":"https:\/\/huiles-et-olives.fr\/en\/wp-json\/wp\/v2\/users\/2\/"}],"replies":[{"embeddable":true,"href":"https:\/\/huiles-et-olives.fr\/en\/wp-json\/wp\/v2\/comments\/?post=9988"}],"version-history":[{"count":1,"href":"https:\/\/huiles-et-olives.fr\/en\/wp-json\/wp\/v2\/pages\/9988\/revisions\/"}],"predecessor-version":[{"id":13062,"href":"https:\/\/huiles-et-olives.fr\/en\/wp-json\/wp\/v2\/pages\/9988\/revisions\/13062\/"}],"wp:attachment":[{"href":"https:\/\/huiles-et-olives.fr\/en\/wp-json\/wp\/v2\/media\/?parent=9988"}],"curies":[{"name":"wp","href":"https:\/\/api.w.org\/{rel}","templated":true}]}}