{"id":9991,"date":"2014-05-21T08:40:54","date_gmt":"2014-05-21T07:40:54","guid":{"rendered":"https:\/\/huiles-et-olives.fr\/espace-presse-2\/"},"modified":"2017-04-07T07:06:28","modified_gmt":"2017-04-07T05:06:28","slug":"espace-presse","status":"publish","type":"page","link":"https:\/\/huiles-et-olives.fr\/en\/espace-presse\/","title":{"rendered":"Newsroom"},"content":{"rendered":"<div class=\"wpb-content-wrapper\">[vc_row][vc_column width=&#8221;1\/1&#8243;][vc_column_text]\n<h3>Vous \u00eates journaliste, auteur, reporter, \u2026 vous souhaitez des informations sur les huiles d\u2019olive, les olives, la fili\u00e8re ol\u00e9icole fran\u00e7aise, des photos \u2026 N\u2019h\u00e9sitez pas \u00e0 nous contacter\u00a0![\/vc_column_text][\/vc_column][\/vc_row][vc_row][vc_column width=&#8221;1\/1&#8243;][vc_column_text]<div class='title_with_line_holder'><h5 class='title_with_line' style='color: ;'>Phototh\u00e8que  - Acc\u00e8s restreint <\/h5><div class='title_with_line_separator'><\/div><\/div>[\/vc_column_text][vc_column_text]Si vous poss\u00e9dez d\u00e9j\u00e0 un code d&#8217;acc\u00e8s \u00e0 la phototh\u00e8que, <a href=\"https:\/\/huiles-et-olives.fr\/phototheque\">merci de vous identifier ici.<\/a> Si vous ne poss\u00e9dez pas de code personnel pour acc\u00e9der \u00e0 la phototh\u00e8que, merci d&#8217;en faire la demande via le formulaire ci-dessous.[\/vc_column_text][\/vc_column][\/vc_row][vc_row][vc_column width=&#8221;1\/1&#8243;][vc_column_text]<div class='title_with_line_holder'><h5 class='title_with_line' style='color: ;'>Formulaire de demande de renseignement<\/h5><div class='title_with_line_separator'><\/div><\/div>[\/vc_column_text][vc_column_text]Si vous souhaitez prendre contact avec l&#8217;\u00e9quipe de Huiles &amp; Olives, <strong>remplissez le formulaire ci-dessous en pr\u00e9cisant la nature de votre demande<\/strong>, et nous vous r\u00e9pondrons rapidement. (\u00a0* champs obligatoires)[\/vc_column_text][vc_column_text]\n<div class=\"wpcf7 no-js\" id=\"wpcf7-f3603-o1\" lang=\"fr-FR\" dir=\"ltr\">\n<div class=\"screen-reader-response\"><p role=\"status\" aria-live=\"polite\" aria-atomic=\"true\"><\/p> <ul><\/ul><\/div>\n<form action=\"\/en\/wp-json\/wp\/v2\/pages\/9991\/#wpcf7-f3603-o1\" method=\"post\" class=\"wpcf7-form init\" aria-label=\"Formulaire de contact\" novalidate=\"novalidate\" data-status=\"init\">\n<div style=\"display: none;\">\n<input type=\"hidden\" name=\"_wpcf7\" value=\"3603\" \/>\n<input type=\"hidden\" name=\"_wpcf7_version\" value=\"5.7.7\" \/>\n<input type=\"hidden\" name=\"_wpcf7_locale\" value=\"fr_FR\" \/>\n<input type=\"hidden\" name=\"_wpcf7_unit_tag\" value=\"wpcf7-f3603-o1\" \/>\n<input type=\"hidden\" name=\"_wpcf7_container_post\" value=\"0\" \/>\n<input type=\"hidden\" name=\"_wpcf7_posted_data_hash\" value=\"\" \/>\n<input type=\"hidden\" name=\"_wpcf7_recaptcha_response\" value=\"\" \/>\n<\/div>\n<table>\n\t<tr>\n\t\t<td>\n\t\t\t<p>Civilit\u00e9* <span class=\"wpcf7-form-control-wrap\" data-name=\"monsieurmadame\"><select class=\"wpcf7-form-control wpcf7-select wpcf7-validates-as-required\" aria-required=\"true\" aria-invalid=\"false\" name=\"monsieurmadame\"><option value=\"Mlle\">Mlle<\/option><option value=\"Mme\">Mme<\/option><option value=\"M.\">M.<\/option><\/select><\/span><br \/>\n<\/ p>\n\t\t\t<\/p>\n\t\t<\/td>\n\t<\/tr>\n\t<tr>\n\t\t<td>\n\t\t\t<p>Votre nom* <span class=\"wpcf7-form-control-wrap\" data-name=\"nom\"><input size=\"40\" class=\"wpcf7-form-control wpcf7-text wpcf7-validates-as-required\" aria-required=\"true\" aria-invalid=\"false\" value=\"\" type=\"text\" name=\"nom\" \/><\/span><br \/>\n<\/ p>\n\t\t\t<\/p>\n\t\t<\/td>\n\t\t<td>\n\t\t\t<p>Votre pr\u00e9nom* <span class=\"wpcf7-form-control-wrap\" data-name=\"prenom\"><input size=\"40\" class=\"wpcf7-form-control wpcf7-text wpcf7-validates-as-required\" aria-required=\"true\" aria-invalid=\"false\" value=\"\" type=\"text\" name=\"prenom\" \/><\/span><br \/>\n<\/ p>\n\t\t\t<\/p>\n\t\t<\/td>\n\t<\/tr>\n\t<tr>\n\t\t<td>\n\t\t\t<p>Votre email* <span class=\"wpcf7-form-control-wrap\" data-name=\"your-email\"><input size=\"40\" class=\"wpcf7-form-control wpcf7-text wpcf7-email wpcf7-validates-as-required wpcf7-validates-as-email\" aria-required=\"true\" aria-invalid=\"false\" value=\"\" type=\"email\" name=\"your-email\" \/><\/span><br \/>\n<\/ p>\n\t\t\t<\/p>\n\t\t<\/td>\n\t\t<td>\n\t\t\t<p>Num\u00e9ro de t\u00e9l\u00e9phone* <span class=\"wpcf7-form-control-wrap\" data-name=\"telephone\"><input size=\"40\" class=\"wpcf7-form-control wpcf7-text wpcf7-tel wpcf7-validates-as-required wpcf7-validates-as-tel\" aria-required=\"true\" aria-invalid=\"false\" value=\"\" type=\"tel\" name=\"telephone\" \/><\/span><br \/>\n<\/ p>\n\t\t\t<\/p>\n\t\t<\/td>\n\t<\/tr>\n\t<tr>\n\t\t<td>\n\t\t\t<p>Nom du m\u00e9dia* <span class=\"wpcf7-form-control-wrap\" data-name=\"media\"><input size=\"40\" class=\"wpcf7-form-control wpcf7-text wpcf7-validates-as-required\" aria-required=\"true\" aria-invalid=\"false\" value=\"\" type=\"text\" name=\"media\" \/><\/span><br \/>\n<\/ p>\n\t\t\t<\/p>\n\t\t<\/td>\n\t\t<td>\n\t\t\t<p>Pays <span class=\"wpcf7-form-control-wrap\" data-name=\"pays\"><input size=\"40\" class=\"wpcf7-form-control wpcf7-text\" aria-invalid=\"false\" value=\"\" type=\"text\" name=\"pays\" \/><\/span><br \/>\n<\/ p>\n\t\t\t<\/p>\n\t\t<\/td>\n\t<\/tr>\n\t<tr>\n\t\t<td>\n\t\t\t<p>Sujet de votre demande* <span class=\"wpcf7-form-control-wrap\" data-name=\"your-subject\"><input size=\"40\" class=\"wpcf7-form-control wpcf7-text\" aria-invalid=\"false\" value=\"\" type=\"text\" name=\"your-subject\" \/><\/span><br \/>\n<\/ p>\n\t\t\t<\/p>\n\t\t<\/td>\n\t\t<td>\n\t\t\t<p>Destinataire* <span class=\"wpcf7-form-control-wrap\" data-name=\"destinataire\"><select class=\"wpcf7-form-control wpcf7-select wpcf7-validates-as-required\" aria-required=\"true\" aria-invalid=\"false\" name=\"destinataire\"><option value=\"\">&#8212;Veuillez choisir une option&#8212;<\/option><option value=\"Presse quotidienne\">Presse quotidienne<\/option><option value=\"Presse magazine\">Presse magazine<\/option><option value=\"T\u00e9l\u00e9vision\">T\u00e9l\u00e9vision<\/option><option value=\"Radio\">Radio<\/option><option value=\"Web\">Web<\/option><option value=\"Autre\">Autre<\/option><\/select><\/span><br \/>\n<\/ p>\n\t\t\t<\/p>\n\t\t<\/td>\n\t<\/tr>\n\t<tr>\n\t\t<td colspan=\"2\">\n\t\t\t<p>Votre demande <span class=\"wpcf7-form-control-wrap\" data-name=\"message\"><textarea cols=\"40\" rows=\"10\" class=\"wpcf7-form-control wpcf7-textarea wpcf7-validates-as-required\" aria-required=\"true\" aria-invalid=\"false\" name=\"message\"><\/textarea><\/span><br \/>\n<\/ p>\n\t\t\t<\/p>\n\t\t<\/td>\n\t<\/tr>\n\t<tr>\n\t\t<td>\n\t\t<\/td>\n\t\t<td>\n\t\t\t<p><input type=\"hidden\" name=\"_wpcf7_captcha_challenge_captchapresse\" value=\"4056726770\" \/><img loading=\"lazy\" decoding=\"async\" class=\"wpcf7-form-control wpcf7-captchac wpcf7-captcha-captchapresse\" width=\"60\" height=\"20\" alt=\"captcha\" src=\"https:\/\/huiles-et-olives.fr\/wp-content\/uploads\/wpcf7_captcha\/4056726770.png\" \/><span class=\"wpcf7-form-control-wrap\" data-name=\"captchapresse\"><input size=\"40\" class=\"wpcf7-form-control wpcf7-captchar\" autocomplete=\"off\" aria-invalid=\"false\" value=\"\" type=\"text\" name=\"captchapresse\" \/><\/span><input class=\"wpcf7-form-control has-spinner wpcf7-submit\" type=\"submit\" value=\"Envoyer\" \/>\n\t\t\t<\/p>\n\t\t<\/td>\n\t<\/tr>\n<\/table><div class=\"wpcf7-response-output\" aria-hidden=\"true\"><\/div>\n<\/form>\n<\/div>\n[\/vc_column_text][\/vc_column][\/vc_row][vc_row][vc_column width=&#8221;1\/1&#8243;][vc_column_text]<div class='title_with_line_holder'><h5 class='title_with_line' style='color: ;'>Communiqu\u00e9s de presse<\/h5><div class='title_with_line_separator'><\/div><\/div>[\/vc_column_text][\/vc_column][\/vc_row][vc_row][vc_column width=&#8221;1\/3&#8243;][vc_column_text]\n<p><span style=\"color: #b39601\"><strong>Les Huiles d&#8217;olive du Midi de la France \u00e0 Sud de France f\u00eate la qualit\u00e9<\/strong><\/span> <br \/><strong>Publi\u00e9 le :<\/strong> 7 octobre 2014 <br \/>Rendez-vous les 10,11 et 12 octobre \u00e0 Montpellier pour\u00a0 d\u00e9couvrir toute la diversit\u00e9 et la richesse gustative des produits certifi\u00e9s pour leur qualit\u00e9 et leur origine et labellis\u00e9s Sud de France dont les Huiles d&#8217;Olive du Languedoc-Roussillon. <a href=\"https:\/\/huiles-et-olives.fr\/wp-content\/uploads\/Salon-RestoNouvo-Communique-de-presse.pdf\" target=\"_blank\">T\u00e9l\u00e9charger le communiqu\u00e9 de presse<\/a><\/p>\n[\/vc_column_text][\/vc_column][vc_column width=&#8221;1\/3&#8243;][vc_column_text]\n<p><span style=\"color: #b39601\"><strong>Les Huiles d&#8217;olive du Midi de la France partenaires de Restonouvo<\/strong><\/span> <br \/><strong>Publi\u00e9 le :<\/strong> 7 octobre 2014 <br \/>Seconde \u00e9dition du salon RestoNouvo qui s\u2019installe cette ann\u00e9e \u00e0 Avignon les 12 et 13 octobre. Ce rendez-vous professionnel aborde toutes les tendances de la restauration &#8230; <a href=\"https:\/\/huiles-et-olives.fr\/wp-content\/uploads\/Salon-RestoNouvo-Communique-de-presse.pdf\" target=\"_blank\">T\u00e9l\u00e9charger le communiqu\u00e9 de presse<\/a><\/p>\n[\/vc_column_text][\/vc_column][vc_column width=&#8221;1\/3&#8243;][vc_column_text]\n<p><span style=\"color: #b39601\"><strong>Lancement de l \u2019op\u00e9ration \u00ab L\u2019Origine n\u2019a pas de prix \u00bb<\/strong><\/span> <br \/><strong>Publi\u00e9 le :<\/strong> 8 Juillet 2014 <br \/>Avec l\u2019op\u00e9ration \u00abl\u2019Origine n\u2019a pas de prix\u00bb, d\u00e9ploy\u00e9e sur de nombreux march\u00e9s du Grand Sud, la fili\u00e8re ol\u00e9icole de France se mobilise durant tout l\u2019\u00e9t\u00e9 pour que l\u2019origine des huiles d\u2019olive &#8230; <a href=\"https:\/\/huiles-et-olives.fr\/wp-content\/uploads\/presse\/2014_juillet_CP_operation_origine_marseillan_serignan.pdf\" target=\"_blank\"><i class=\"fa fa-download\"><\/i> T\u00e9l\u00e9charger le communiqu\u00e9 de presse<\/a><\/p>\n[\/vc_column_text][\/vc_column][\/vc_row][vc_row][vc_column width=&#8221;1\/3&#8243;][vc_column_text]\n<p><span style=\"color: #b39601\"><strong>Huiles d\u2019olives du Midi de la France, Secrets et gourmandises d\u2019une passionn\u00e9e de cuisine<\/strong><\/span> <br \/><strong>Publi\u00e9 le :<\/strong> 30 Juin 2014 <br \/>\u00abLa cuisine est un petit bonheur du quotidien \u00e0 partager\u00bb tel est le credo d\u2019Annelyse Chardon, finaliste Masterchef 2012 et marraine des Huiles d\u2019Olives du Midi de la France sur la toile &#8230; <a href=\"https:\/\/huiles-et-olives.fr\/wp-content\/uploads\/presse\/2014_30juin_CP_partenariat_annelyse.pdf\" target=\"_blank\"><i class=\"fa fa-download\"><\/i> T\u00e9l\u00e9charger le communiqu\u00e9 de presse<\/a><\/p>\n[\/vc_column_text][\/vc_column][vc_column width=&#8221;1\/3&#8243;][vc_column_text]\n<p><span style=\"color: #b39601\"><strong>Les Huiles d\u2019Olive et les Olives de nos Terroirs en Alsace<\/strong><\/span> <br \/><strong>Publi\u00e9 le :<\/strong> 16 Mai 2014 <br \/>Ambassadrices du Midi de la France, les Huiles d\u2019Olive et les Olives de nos Terroirs participent pour la premi\u00e8re fois, \u00e0 la 14 \u00e8me \u00e9dition du salon de printemps Mer et Vigne et Gastronomie de Strasbourg &#8230; <a href=\"https:\/\/huiles-et-olives.fr\/wp-content\/uploads\/presse\/2014_mai_CP_salon_mer_vigne_strasbourg.pdf\" target=\"_blank\"><i class=\"fa fa-download\"><\/i> T\u00e9l\u00e9charger le communiqu\u00e9 de presse<\/a><\/p>\n[\/vc_column_text][\/vc_column][vc_column width=&#8221;1\/3&#8243;][vc_column_text]\n<p><span style=\"color: #b39601\"><strong>Palmar\u00e8s du Concours National des Huiles d\u2019Olive 2014<\/strong><\/span> <br \/><strong>Publi\u00e9 le :<\/strong> 18 Avril 2014 <br \/>Consultez le palmar\u00e8s &#8230; <a href=\"https:\/\/huiles-et-olives.fr\/wp-content\/uploads\/presse\/2014_avril_CP_palmares_du_concours_national_huiles_dolive_en_appellation_dorigine.pdf\" target=\"_blank\"><i class=\"fa fa-download\"><\/i> T\u00e9l\u00e9charger le communiqu\u00e9 de presse<\/a><\/p>\n[\/vc_column_text][\/vc_column][\/vc_row][vc_row][vc_column width=&#8221;1\/3&#8243;][vc_column_text]\n<p><span style=\"color: #b39601\"><strong>Concours national des Huiles d&#8217;olive en Appelation d&#8217;Origine<\/strong><\/span> <br \/><strong>Publi\u00e9 le :<\/strong> 14 Avril 2014 <br \/>Une centaine d\u2019\u00e9chantillons concourront ce vendredi 18 avril \u00e0 la 11\u00e8me \u00e9dition du Concours national des Huiles d\u2019Olive en Appellation d\u2019Origine &#8230; <a href=\"https:\/\/huiles-et-olives.fr\/wp-content\/uploads\/presse\/2014_avril_CP_concours_national_des_huiles_dolive_en_appellation_dorigine.pdf\" target=\"_blank\"><i class=\"fa fa-download\"><\/i> T\u00e9l\u00e9charger le communiqu\u00e9 de presse<\/a><\/p>\n[\/vc_column_text][\/vc_column][vc_column width=&#8221;1\/3&#8243;][vc_column_text]\n<p><span style=\"color: #b39601\"><strong>Les Huiles d\u2019 Olive et les Olives de nos Terroirs au salon Destinations Nature<\/strong><\/span> <br \/><strong>Publi\u00e9 le :<\/strong> 24 Mars 2014 <br \/>Les Huiles d\u2019olive et les Olives de nos terroirs seront pr\u00e9sentes \u00e0 la prochaine \u00e9dition du salon Destinations Nature, le salon des nouvelles randonn\u00e9es. Lieu de rencontre des amoureux &#8230; <a href=\"https:\/\/huiles-et-olives.fr\/wp-content\/uploads\/presse\/2014_Mars_CP_salon_destinations_nature.pdf\" target=\"_blank\"><i class=\"fa fa-download\"><\/i> T\u00e9l\u00e9charger le communiqu\u00e9 de presse<\/a><\/p>\n[\/vc_column_text][\/vc_column][vc_column width=&#8221;1\/3&#8243;][vc_column_text]\n<p><span style=\"color: #b39601\"><strong>Les Huiles d\u2019Olive et les Olives du Midi de la France au prochain Salon International de l\u2019Agriculture<\/strong><\/span> <br \/><strong>Publi\u00e9 le :<\/strong> 11 F\u00e9vrier 2014 <br \/>Pr\u00e9sentes au sein de la ferme de l\u2019Odyss\u00e9e V\u00e9g\u00e9tale, sur le stand Prolea, dans le pavillon 2.2, les Huiles d\u2019Olive du Midi de la France le seront aussi sur les stands des r\u00e9gions &#8230; <a href=\"https:\/\/huiles-et-olives.fr\/wp-content\/uploads\/presse\/2014_fevrier_CP_salon_de_lagriculture_animations_regionales.pdf\" target=\"_blank\"><i class=\"fa fa-download\"><\/i> T\u00e9l\u00e9charger le communiqu\u00e9 de presse<\/a><\/p>\n[\/vc_column_text][\/vc_column][\/vc_row][vc_row][vc_column width=&#8221;1\/3&#8243;][vc_column_text]\n<p><span style=\"color: #b39601\"><strong>Les Huiles d\u2019Olives du Midi de la France sur la ferme de l\u2019Odyss\u00e9e V\u00e9g\u00e9tale<\/strong><\/span> <br \/><strong>Publi\u00e9 le :<\/strong> 11 F\u00e9vrier 2014 <br \/>Les Huiles d\u2019Olives du Midi de la France sont une richesse du patrimoine culinaire. La diversit\u00e9 des vari\u00e9t\u00e9s d\u2019oliviers, des terroirs et des climats entraine une multitude de go\u00fbts qui&#8230; <a href=\"https:\/\/huiles-et-olives.fr\/wp-content\/uploads\/presse\/2014_fevrier_CP_salon_de_lagriculture_lodyssee_vegetale.pdf\" target=\"_blank\"><i class=\"fa fa-download\"><\/i> T\u00e9l\u00e9charger le communiqu\u00e9 de presse<\/a><\/p>\n[\/vc_column_text][\/vc_column][vc_column width=&#8221;1\/3&#8243;][\/vc_column][vc_column width=&#8221;1\/3&#8243;][\/vc_column][\/vc_row][vc_row][vc_column width=&#8221;1\/1&#8243;][vc_column_text]<div class='title_with_line_holder'><h5 class='title_with_line' style='color: ;'>Dossiers de presse<\/h5><div class='title_with_line_separator'><\/div><\/div>[\/vc_column_text][\/vc_column][\/vc_row][vc_row][vc_column width=&#8221;1\/3&#8243;][vc_column_text]<img loading=\"lazy\" decoding=\"async\" class=\"aligncenter wp-image-3628\" src=\"https:\/\/huiles-et-olives.fr\/wp-content\/uploads\/presse_dp01.jpg\" alt=\"presse_dp01\" width=\"200\" height=\"283\" \/> <span style=\"color: #b39601\"><strong>Les Huiles d\u2019olive de nos terroirs au salon Destinations nature<\/strong><\/span> <strong>Publi\u00e9 le :<\/strong> Mars 2014 Les Huiles d\u2019olive et les Olives de nos terroirs seront pr\u00e9sentes \u00e0 la prochaine \u00e9dition du salon Destinations Nature, le salon des nouvelles randonn\u00e9es &#8230; <a href=\"https:\/\/huiles-et-olives.fr\/wp-content\/uploads\/presse\/2014_mars_DP_salon_destinations_nature.pdf\" target=\"_blank\"><i class=\"fa fa-download\"><\/i> T\u00e9l\u00e9charger le dossier de presse<\/a>[\/vc_column_text][\/vc_column][vc_column width=&#8221;1\/3&#8243;][vc_column_text]<img loading=\"lazy\" decoding=\"async\" class=\"aligncenter wp-image-3632\" src=\"https:\/\/huiles-et-olives.fr\/wp-content\/uploads\/presse_dp02.jpg\" alt=\"presse_dp02\" width=\"200\" height=\"283\" \/> <span style=\"color: #b39601\"><strong>L\u2019Origine n\u2019a pas de prix !<\/strong><\/span> <strong>Publi\u00e9 le :<\/strong> Juillet 2014 Cette campagne d\u2019information est reconduite sur les march\u00e9s du Midi de la France durant tout l\u2019\u00e9t\u00e9, avec le soutien de la r\u00e9gion Provence Alpes C\u00f4te d\u2019Azur et de la r\u00e9gion Languedoc-Roussillon. <a href=\"https:\/\/huiles-et-olives.fr\/wp-content\/uploads\/presse\/2014_juillet_DP_operation_origine.pdf\" target=\"_blank\"><i class=\"fa fa-download\"><\/i> T\u00e9l\u00e9charger le dossier de presse<\/a>[\/vc_column_text][\/vc_column][vc_column width=&#8221;1\/3&#8243;][\/vc_column][\/vc_row][vc_row][vc_column width=&#8221;1\/1&#8243;][vc_column_text]<div class='title_with_line_holder'><h5 class='title_with_line' style='color: ;'>Panorama de presse<\/h5><div class='title_with_line_separator'><\/div><\/div>[\/vc_column_text][\/vc_column][\/vc_row][vc_row][vc_column width=&#8221;1\/3&#8243;][vc_column_text]\n<p><span style=\"color: #b39601\"><strong>Au Fil des Pages &#8230; <\/strong><\/span> <strong>Mois d&#8217;Ao\u00fbt 2014<\/strong> &#8211; Num\u00e9ro 11 Part belle aux produits dans la presse ce mois-ci avec des sujets autour du terroir, de l&#8217;origine, des arnaques,&#8230;\u00a0 <a href=\"https:\/\/huiles-et-olives.fr\/wp-content\/uploads\/2014_11_au_fil_des_pages_ao\u00fbt.pdf\" target=\"_blank\">T\u00e9l\u00e9charger Au Fil des Pages N\u00b011<\/a><\/p>\n[\/vc_column_text][\/vc_column][vc_column width=&#8221;1\/3&#8243;][vc_column_text]<span style=\"color: #b39601\"><strong>Au Fil des Pages &#8230; <\/strong><\/span><strong>Mois de Juillet 2014<\/strong> &#8211; Num\u00e9ro 10 Pr\u00e8s de 40 articles rep\u00e9r\u00e9s ce mois-ci notamment sur le th\u00e8me de l&#8217;\u00e9conomie : productivit\u00e9, olivier &amp; autres productions, march\u00e9 chinois, Maroc, &#8230; <a href=\"https:\/\/huiles-et-olives.fr\/wp-content\/uploads\/2014_10_au_fil_des_pages_juillet.pdf\" target=\"_blank\">T\u00e9l\u00e9charger Au Fil des Pages N\u00b010<\/a> [\/vc_column_text][\/vc_column][vc_column width=&#8221;1\/3&#8243;][vc_column_text]<span style=\"color: #b39601\"><strong>Au Fil des Pages &#8230; <\/strong><\/span> <strong>Mois de Juin 2014<\/strong> &#8211; Num\u00e9ro 9 Traditionnellement d\u00e9di\u00e9e \u00e0 la technique, la journ\u00e9e Technohuile destin\u00e9e aux mouliniers, \u00e9tait ax\u00e9e cette ann\u00e9e, sur des sujets plus \u00e9conomiques : Place de l\u2019huile d\u2019olive dans la consommation &#8230; <a href=\"https:\/\/huiles-et-olives.fr\/wp-content\/uploads\/presse\/2014_9_au_fil_des_pages_juin.pdf\" target=\"_blank\"><i class=\"fa fa-download\"><\/i> T\u00e9l\u00e9charger Au Fil des Pages N\u00b09<\/a>[\/vc_column_text][\/vc_column][\/vc_row][vc_row][vc_column width=&#8221;1\/3&#8243;][vc_column_text]<span style=\"color: #b39601\"><strong>Au Fil des Pages &#8230; <\/strong><\/span> <strong>Mois de Mai 2014<\/strong> &#8211; Num\u00e9ro 8 L\u2019\u00e9chec d\u2019un traitement est souvent associ\u00e9 \u00e0 l\u2019inefficacit\u00e9 du produit ou \u00e0 l\u2019apparition de r\u00e9sistances. Or, il peut \u00eatre directement d\u00e9pendant d\u2019une mauvaise qualit\u00e9 de la pulv\u00e9risation &#8230; <a href=\"https:\/\/huiles-et-olives.fr\/wp-content\/uploads\/presse\/2014_8_au_fil_des_pages_mai.pdf\" target=\"_blank\"><i class=\"fa fa-download\"><\/i> T\u00e9l\u00e9charger Au Fil des Pages N\u00b08<\/a>[\/vc_column_text][\/vc_column][vc_column width=&#8221;1\/3&#8243;][vc_column_text]<span style=\"color: #b39601\"><strong>Au Fil des Pages &#8230; <\/strong><\/span> <strong>Mois de Avril 2014<\/strong> &#8211; Num\u00e9ro 7 Lors de son Assembl\u00e9e G\u00e9n\u00e9rale, le Syndicat ol\u00e9icole des Pyr\u00e9n\u00e9es Orientales pr\u00e9sentera son projet d\u2019obtention d\u2019AOC. Le dossier devrait \u00eatre d\u00e9pos\u00e9 fin avril &#8230; <a href=\"https:\/\/huiles-et-olives.fr\/wp-content\/uploads\/presse\/2014_7_au_fil_des_pages_avril.pdf\" target=\"_blank\"><i class=\"fa fa-download\"><\/i> T\u00e9l\u00e9charger Au Fil des Pages N\u00b07<\/a>[\/vc_column_text][\/vc_column][vc_column width=&#8221;1\/3&#8243;][vc_column_text]<span style=\"color: #b39601\"><strong>Au Fil des Pages &#8230; <\/strong><\/span> <strong>Mois de Mars 2014<\/strong> &#8211; Num\u00e9ro 6 Produits alimentaires, les labels de qualit\u00e9 et d\u2019origine: Appellation d\u2019origine contr\u00f4l\u00e9e, label rouge, agriculture biologique &#8230; <a href=\"https:\/\/huiles-et-olives.fr\/wp-content\/uploads\/presse\/2014_6_au_fil_des_pages_mars.pdf\" target=\"_blank\"><i class=\"fa fa-download\"><\/i> T\u00e9l\u00e9charger Au Fil des Pages N\u00b06<\/a>[\/vc_column_text][\/vc_column][\/vc_row][vc_row][vc_column width=&#8221;1\/3&#8243;][vc_column_text]<span style=\"color: #b39601\"><strong>Au Fil des Pages &#8230; <\/strong><\/span> <strong>Mois de F\u00e9vrier 2014<\/strong> &#8211; Num\u00e9ro 5 L\u2019ol\u00e9iculture traditionnelle, produite essentiellement dans la r\u00e9gion de Kabylie, pourrait \u00e0 terme, se frayer un chemin parmi ses concurrentes sur le march\u00e9 mondial &#8230; <a href=\"https:\/\/huiles-et-olives.fr\/wp-content\/uploads\/presse\/2014_5_au_fil_des_pages_fevrier.pdf\" target=\"_blank\"><i class=\"fa fa-download\"><\/i> T\u00e9l\u00e9charger Au Fil des Pages N\u00b05<\/a>[\/vc_column_text][\/vc_column][vc_column width=&#8221;1\/3&#8243;][vc_column_text]\n<p><span style=\"color: #b39601\"><strong>Au Fil des Pages &#8230; <\/strong><\/span> <strong>Mois de Janvier 2014<\/strong> &#8211; Num\u00e9ro 4 Cette synth\u00e8se de presse, r\u00e9alis\u00e9e par le service communication de l\u2019AFIDOL, s\u2019int\u00e9resse \u00e0 la place de l\u2019huile d\u2019olive, des olives et de leur fili\u00e8re dans la presse et les m\u00e9dias&#8230; <a href=\"https:\/\/huiles-et-olives.fr\/wp-content\/uploads\/presse\/2014_4_au_fil_des_pages_janvier.pdf\" target=\"_blank\"> T\u00e9l\u00e9charger Au Fil des Pages N\u00b04<\/a><\/p>\n[\/vc_column_text][\/vc_column][vc_column width=&#8221;1\/3&#8243;][\/vc_column][\/vc_row]\n<\/div>","protected":false},"excerpt":{"rendered":"<p>[vc_row][vc_column width=&#8221;1\/1&#8243;][vc_column_text] Vous \u00eates journaliste, auteur, reporter, \u2026 vous souhaitez des informations sur les huiles d\u2019olive, les olives, la fili\u00e8re ol\u00e9icole fran\u00e7aise, des photos \u2026 N\u2019h\u00e9sitez pas \u00e0 nous contacter\u00a0![\/vc_column_text][\/vc_column][\/vc_row][vc_row][vc_column width=&#8221;1\/1&#8243;][vc_column_text][\/vc_column_text][vc_column_text]Si vous poss\u00e9dez d\u00e9j\u00e0 un code d&#8217;acc\u00e8s \u00e0 la phototh\u00e8que, merci de vous identifier ici&#8230;.<\/p>\n","protected":false},"author":2,"featured_media":0,"parent":0,"menu_order":0,"comment_status":"open","ping_status":"open","template":"","meta":{"_acf_changed":false,"wprm-recipe-roundup-name":"","wprm-recipe-roundup-description":"","wpupg_custom_link":[],"wpupg_custom_link_behaviour":[],"wpupg_custom_link_nofollow":[],"wpupg_custom_image":[],"wpupg_custom_image_id":[],"_exactmetrics_skip_tracking":false,"_exactmetrics_sitenote_active":false,"_exactmetrics_sitenote_note":"","_exactmetrics_sitenote_category":0,"footnotes":""},"class_list":["post-9991","page","type-page","status-publish","hentry"],"acf":[],"yoast_head":"<!-- This site is optimized with the Yoast SEO plugin v24.8.1 - https:\/\/yoast.com\/wordpress\/plugins\/seo\/ -->\n<title>Espace Presse, documentation - Huiles-Et-Olives.fr<\/title>\n<meta name=\"description\" content=\"Vous \u00eates journaliste, auteur, reporter, \u2026 vous souhaitez des informations sur les huiles d\u2019olive, les olives, la fili\u00e8re ol\u00e9icole fran\u00e7aise, des photos \u2026 Consultez notre espace presse !\" \/>\n<meta name=\"robots\" content=\"index, follow, max-snippet:-1, max-image-preview:large, max-video-preview:-1\" \/>\n<link rel=\"canonical\" href=\"https:\/\/huiles-et-olives.fr\/en\/espace-presse\/\" \/>\n<meta property=\"og:locale\" content=\"en_US\" \/>\n<meta property=\"og:type\" content=\"article\" \/>\n<meta property=\"og:title\" content=\"Espace Presse, documentation - Huiles-Et-Olives.fr\" \/>\n<meta property=\"og:description\" content=\"Vous \u00eates journaliste, auteur, reporter, \u2026 vous souhaitez des informations sur les huiles d\u2019olive, les olives, la fili\u00e8re ol\u00e9icole fran\u00e7aise, des photos \u2026 Consultez notre espace presse !\" \/>\n<meta property=\"og:url\" content=\"https:\/\/huiles-et-olives.fr\/en\/espace-presse\/\" \/>\n<meta property=\"og:site_name\" content=\"Huiles et Olives\" \/>\n<meta property=\"article:publisher\" content=\"https:\/\/www.facebook.com\/HuilesetOlives\" \/>\n<meta property=\"article:modified_time\" content=\"2017-04-07T05:06:28+00:00\" \/>\n<meta property=\"og:image\" content=\"https:\/\/huiles-et-olives.fr\/wp-content\/uploads\/presse_dp01.jpg\" \/>\n<meta name=\"twitter:card\" content=\"summary_large_image\" \/>\n<meta name=\"twitter:site\" content=\"@HuilesetOlives\" \/>\n<meta name=\"twitter:label1\" content=\"Est. reading time\" \/>\n\t<meta name=\"twitter:data1\" content=\"8 minutes\" \/>\n<script type=\"application\/ld+json\" class=\"yoast-schema-graph\">{\"@context\":\"https:\/\/schema.org\",\"@graph\":[{\"@type\":\"WebPage\",\"@id\":\"https:\/\/huiles-et-olives.fr\/en\/espace-presse\/\",\"url\":\"https:\/\/huiles-et-olives.fr\/en\/espace-presse\/\",\"name\":\"Espace Presse, documentation - Huiles-Et-Olives.fr\",\"isPartOf\":{\"@id\":\"https:\/\/huiles-et-olives.fr\/#website\"},\"primaryImageOfPage\":{\"@id\":\"https:\/\/huiles-et-olives.fr\/en\/espace-presse\/#primaryimage\"},\"image\":{\"@id\":\"https:\/\/huiles-et-olives.fr\/en\/espace-presse\/#primaryimage\"},\"thumbnailUrl\":\"https:\/\/huiles-et-olives.fr\/wp-content\/uploads\/presse_dp01.jpg\",\"datePublished\":\"2014-05-21T07:40:54+00:00\",\"dateModified\":\"2017-04-07T05:06:28+00:00\",\"description\":\"Vous \u00eates journaliste, auteur, reporter, \u2026 vous souhaitez des informations sur les huiles d\u2019olive, les olives, la fili\u00e8re ol\u00e9icole fran\u00e7aise, des photos \u2026 Consultez notre espace presse !\",\"breadcrumb\":{\"@id\":\"https:\/\/huiles-et-olives.fr\/en\/espace-presse\/#breadcrumb\"},\"inLanguage\":\"en-US\",\"potentialAction\":[{\"@type\":\"ReadAction\",\"target\":[\"https:\/\/huiles-et-olives.fr\/en\/espace-presse\/\"]}]},{\"@type\":\"ImageObject\",\"inLanguage\":\"en-US\",\"@id\":\"https:\/\/huiles-et-olives.fr\/en\/espace-presse\/#primaryimage\",\"url\":\"https:\/\/huiles-et-olives.fr\/wp-content\/uploads\/presse_dp01.jpg\",\"contentUrl\":\"https:\/\/huiles-et-olives.fr\/wp-content\/uploads\/presse_dp01.jpg\"},{\"@type\":\"BreadcrumbList\",\"@id\":\"https:\/\/huiles-et-olives.fr\/en\/espace-presse\/#breadcrumb\",\"itemListElement\":[{\"@type\":\"ListItem\",\"position\":1,\"name\":\"Accueil\",\"item\":\"https:\/\/huiles-et-olives.fr\/en\/\"},{\"@type\":\"ListItem\",\"position\":2,\"name\":\"Newsroom\"}]},{\"@type\":\"WebSite\",\"@id\":\"https:\/\/huiles-et-olives.fr\/#website\",\"url\":\"https:\/\/huiles-et-olives.fr\/\",\"name\":\"Huiles et Olives\",\"description\":\"Le site des huiles d&#039;olive et olives de France\",\"publisher\":{\"@id\":\"https:\/\/huiles-et-olives.fr\/#organization\"},\"potentialAction\":[{\"@type\":\"SearchAction\",\"target\":{\"@type\":\"EntryPoint\",\"urlTemplate\":\"https:\/\/huiles-et-olives.fr\/?s={search_term_string}\"},\"query-input\":{\"@type\":\"PropertyValueSpecification\",\"valueRequired\":true,\"valueName\":\"search_term_string\"}}],\"inLanguage\":\"en-US\"},{\"@type\":\"Organization\",\"@id\":\"https:\/\/huiles-et-olives.fr\/#organization\",\"name\":\"France Olive\",\"url\":\"https:\/\/huiles-et-olives.fr\/\",\"logo\":{\"@type\":\"ImageObject\",\"inLanguage\":\"en-US\",\"@id\":\"https:\/\/huiles-et-olives.fr\/#\/schema\/logo\/image\/\",\"url\":\"https:\/\/huiles-et-olives.fr\/wp-content\/uploads\/2019\/08\/logo-france-olive-association-francaise-interprofessionnelle.jpg\",\"contentUrl\":\"https:\/\/huiles-et-olives.fr\/wp-content\/uploads\/2019\/08\/logo-france-olive-association-francaise-interprofessionnelle.jpg\",\"width\":87,\"height\":60,\"caption\":\"France Olive\"},\"image\":{\"@id\":\"https:\/\/huiles-et-olives.fr\/#\/schema\/logo\/image\/\"},\"sameAs\":[\"https:\/\/www.facebook.com\/HuilesetOlives\",\"https:\/\/x.com\/HuilesetOlives\",\"https:\/\/www.instagram.com\/huilesetolives\/\",\"https:\/\/www.pinterest.fr\/Huilesetolives\/\",\"https:\/\/www.youtube.com\/user\/HuilesetOlivesduMidi\"]}]}<\/script>\n<!-- \/ Yoast SEO plugin. -->","yoast_head_json":{"title":"Espace Presse, documentation - Huiles-Et-Olives.fr","description":"Vous \u00eates journaliste, auteur, reporter, \u2026 vous souhaitez des informations sur les huiles d\u2019olive, les olives, la fili\u00e8re ol\u00e9icole fran\u00e7aise, des photos \u2026 Consultez notre espace presse !","robots":{"index":"index","follow":"follow","max-snippet":"max-snippet:-1","max-image-preview":"max-image-preview:large","max-video-preview":"max-video-preview:-1"},"canonical":"https:\/\/huiles-et-olives.fr\/en\/espace-presse\/","og_locale":"en_US","og_type":"article","og_title":"Espace Presse, documentation - Huiles-Et-Olives.fr","og_description":"Vous \u00eates journaliste, auteur, reporter, \u2026 vous souhaitez des informations sur les huiles d\u2019olive, les olives, la fili\u00e8re ol\u00e9icole fran\u00e7aise, des photos \u2026 Consultez notre espace presse !","og_url":"https:\/\/huiles-et-olives.fr\/en\/espace-presse\/","og_site_name":"Huiles et Olives","article_publisher":"https:\/\/www.facebook.com\/HuilesetOlives","article_modified_time":"2017-04-07T05:06:28+00:00","og_image":[{"url":"https:\/\/huiles-et-olives.fr\/wp-content\/uploads\/presse_dp01.jpg","type":"","width":"","height":""}],"twitter_card":"summary_large_image","twitter_site":"@HuilesetOlives","twitter_misc":{"Est. reading time":"8 minutes"},"schema":{"@context":"https:\/\/schema.org","@graph":[{"@type":"WebPage","@id":"https:\/\/huiles-et-olives.fr\/en\/espace-presse\/","url":"https:\/\/huiles-et-olives.fr\/en\/espace-presse\/","name":"Espace Presse, documentation - Huiles-Et-Olives.fr","isPartOf":{"@id":"https:\/\/huiles-et-olives.fr\/#website"},"primaryImageOfPage":{"@id":"https:\/\/huiles-et-olives.fr\/en\/espace-presse\/#primaryimage"},"image":{"@id":"https:\/\/huiles-et-olives.fr\/en\/espace-presse\/#primaryimage"},"thumbnailUrl":"https:\/\/huiles-et-olives.fr\/wp-content\/uploads\/presse_dp01.jpg","datePublished":"2014-05-21T07:40:54+00:00","dateModified":"2017-04-07T05:06:28+00:00","description":"Vous \u00eates journaliste, auteur, reporter, \u2026 vous souhaitez des informations sur les huiles d\u2019olive, les olives, la fili\u00e8re ol\u00e9icole fran\u00e7aise, des photos \u2026 Consultez notre espace presse !","breadcrumb":{"@id":"https:\/\/huiles-et-olives.fr\/en\/espace-presse\/#breadcrumb"},"inLanguage":"en-US","potentialAction":[{"@type":"ReadAction","target":["https:\/\/huiles-et-olives.fr\/en\/espace-presse\/"]}]},{"@type":"ImageObject","inLanguage":"en-US","@id":"https:\/\/huiles-et-olives.fr\/en\/espace-presse\/#primaryimage","url":"https:\/\/huiles-et-olives.fr\/wp-content\/uploads\/presse_dp01.jpg","contentUrl":"https:\/\/huiles-et-olives.fr\/wp-content\/uploads\/presse_dp01.jpg"},{"@type":"BreadcrumbList","@id":"https:\/\/huiles-et-olives.fr\/en\/espace-presse\/#breadcrumb","itemListElement":[{"@type":"ListItem","position":1,"name":"Accueil","item":"https:\/\/huiles-et-olives.fr\/en\/"},{"@type":"ListItem","position":2,"name":"Newsroom"}]},{"@type":"WebSite","@id":"https:\/\/huiles-et-olives.fr\/#website","url":"https:\/\/huiles-et-olives.fr\/","name":"Huiles et Olives","description":"Le site des huiles d&#039;olive et olives de France","publisher":{"@id":"https:\/\/huiles-et-olives.fr\/#organization"},"potentialAction":[{"@type":"SearchAction","target":{"@type":"EntryPoint","urlTemplate":"https:\/\/huiles-et-olives.fr\/?s={search_term_string}"},"query-input":{"@type":"PropertyValueSpecification","valueRequired":true,"valueName":"search_term_string"}}],"inLanguage":"en-US"},{"@type":"Organization","@id":"https:\/\/huiles-et-olives.fr\/#organization","name":"France Olive","url":"https:\/\/huiles-et-olives.fr\/","logo":{"@type":"ImageObject","inLanguage":"en-US","@id":"https:\/\/huiles-et-olives.fr\/#\/schema\/logo\/image\/","url":"https:\/\/huiles-et-olives.fr\/wp-content\/uploads\/2019\/08\/logo-france-olive-association-francaise-interprofessionnelle.jpg","contentUrl":"https:\/\/huiles-et-olives.fr\/wp-content\/uploads\/2019\/08\/logo-france-olive-association-francaise-interprofessionnelle.jpg","width":87,"height":60,"caption":"France Olive"},"image":{"@id":"https:\/\/huiles-et-olives.fr\/#\/schema\/logo\/image\/"},"sameAs":["https:\/\/www.facebook.com\/HuilesetOlives","https:\/\/x.com\/HuilesetOlives","https:\/\/www.instagram.com\/huilesetolives\/","https:\/\/www.pinterest.fr\/Huilesetolives\/","https:\/\/www.youtube.com\/user\/HuilesetOlivesduMidi"]}]}},"_links":{"self":[{"href":"https:\/\/huiles-et-olives.fr\/en\/wp-json\/wp\/v2\/pages\/9991\/"}],"collection":[{"href":"https:\/\/huiles-et-olives.fr\/en\/wp-json\/wp\/v2\/pages\/"}],"about":[{"href":"https:\/\/huiles-et-olives.fr\/en\/wp-json\/wp\/v2\/types\/page\/"}],"author":[{"embeddable":true,"href":"https:\/\/huiles-et-olives.fr\/en\/wp-json\/wp\/v2\/users\/2\/"}],"replies":[{"embeddable":true,"href":"https:\/\/huiles-et-olives.fr\/en\/wp-json\/wp\/v2\/comments\/?post=9991"}],"version-history":[{"count":2,"href":"https:\/\/huiles-et-olives.fr\/en\/wp-json\/wp\/v2\/pages\/9991\/revisions\/"}],"predecessor-version":[{"id":13080,"href":"https:\/\/huiles-et-olives.fr\/en\/wp-json\/wp\/v2\/pages\/9991\/revisions\/13080\/"}],"wp:attachment":[{"href":"https:\/\/huiles-et-olives.fr\/en\/wp-json\/wp\/v2\/media\/?parent=9991"}],"curies":[{"name":"wp","href":"https:\/\/api.w.org\/{rel}","templated":true}]}}